{"id":578,"date":"2013-06-30T16:20:36","date_gmt":"2013-06-30T14:20:36","guid":{"rendered":"http:\/\/www.monicamontella.it\/wordpress\/?page_id=578"},"modified":"2025-11-29T15:36:15","modified_gmt":"2025-11-29T14:36:15","slug":"articoli-tematici-dinamici","status":"publish","type":"page","link":"https:\/\/www.monicamontella.it\/wordpress\/articoli-tematici-dinamici\/","title":{"rendered":"Articoli politici tematici dinamici"},"content":{"rendered":"<p><strong>Elenco degli<\/strong> &#8220;<strong>articoli politici tematici <\/strong><strong>dinamici&#8221; presenti nel sito<\/strong>:<\/p>\n<ol>\n<li><strong><span style=\"color: #0000ff;\"><a style=\"color: #0000ff;\" href=\"https:\/\/www.monicamontella.it\/wordpress\/2025\/11\/14\/il-sistema-dei-rifiuti-di-roma-e-fuori-controllo-il-68-finisce-nella-zona-grigia\/\">Il sistema dei rifiuti di Roma \u00e8 fuori controllo: il 68% finisce nella \u201czona grigia\u201d<\/a><\/span><\/strong><\/li>\n<li><span style=\"color: #0000ff;\"><strong><a style=\"color: #0000ff;\" href=\"https:\/\/www.monicamontella.it\/wordpress\/2025\/11\/07\/gestione-dei-rifiuti-nel-lazio-tra-obiettivi-e-realta-della-transizione-circolare\/\">Gestione dei rifiuti nel Lazio: tra obiettivi e realt\u00e0 della transizione circolare<\/a><\/strong><\/span><\/li>\n<li><span style=\"color: #0000ff;\"><strong><a style=\"color: #0000ff;\" href=\"https:\/\/www.monicamontella.it\/wordpress\/2025\/04\/30\/napoli-e-pnrr-32-miliardi-di-euro-per-cambiare-volto-alla-citta\/\">Napoli e PNRR: 3,2 miliardi di euro per cambiare volto alla citt\u00e0<\/a><\/strong><\/span><\/li>\n<li><span style=\"color: #0000ff;\"><strong><a style=\"color: #0000ff;\" href=\"https:\/\/www.monicamontella.it\/wordpress\/2025\/04\/02\/pnrr-santa-marinella-cambiera-il-volto-della-perla-del-tirreno\/\">PNRR Santa Marinella: cambier\u00e0 il volto della Perla del Tirreno?<\/a><\/strong><\/span><\/li>\n<li><span style=\"color: #0000ff;\"><strong><a style=\"color: #0000ff;\" href=\"https:\/\/www.monicamontella.it\/wordpress\/2025\/04\/02\/pioggia-di-soldi-a-roma-cambiera-il-volto-della-citta\/\">Pioggia di soldi a Roma: cambier\u00e0 il volto della citt\u00e0?<\/a><\/strong><\/span><\/li>\n<li><span style=\"color: #0000ff;\"><strong><a style=\"color: #0000ff;\" href=\"https:\/\/www.monicamontella.it\/wordpress\/2025\/03\/06\/roma-contratto-per-i-servizi-funebri-e-cimiteriali-il-silenzio-del-passato-la-proroga-di-oggi\/\">Roma: Contratto per i Servizi Funebri e Cimiteriali \u2013 Il Silenzio del Passato, la Proroga di Oggi<\/a><\/strong><\/span><\/li>\n<li><span style=\"color: #0000ff;\"><strong><a style=\"color: #0000ff;\" href=\"https:\/\/www.monicamontella.it\/wordpress\/2025\/03\/01\/servizio-chiama-roma-060606\/\">Servizio \u201cChiama Roma 060606\u201d<\/a><\/strong><\/span><\/li>\n<li><a href=\"https:\/\/www.monicamontella.it\/wordpress\/wp-content\/uploads\/2024\/06\/PILLOLE-SU-ELEZIONI-EUROPEE-2024.pdf\"><strong><span style=\"color: #0000ff;\">PILLOLE SU ELEZIONI EUROPEE 2024: BILANCIO UE<\/span>\u00a0<\/strong><\/a><\/li>\n<li><span style=\"color: #0000ff;\"><strong><a style=\"color: #0000ff;\" href=\"https:\/\/www.monicamontella.it\/wordpress\/2022\/12\/17\/il-fondo-di-solidarieta-nazionale-assente-nel-ddl-calderoli\/\">Il fondo di solidariet\u00e0 nazionale assente nel DDl Calderoli<\/a><\/strong><\/span><\/li>\n<li><strong><span style=\"color: #0000ff;\"><a style=\"color: #0000ff;\" href=\"https:\/\/www.monicamontella.it\/wordpress\/2022\/07\/23\/promuovere-unindustrializzazione-equa-e-sostenibile\/\">Promuovere un&#8217;industrializzazione equa e sostenibile<\/a><\/span><\/strong><\/li>\n<li><span style=\"color: #0000ff;\"><a style=\"color: #0000ff;\" href=\"https:\/\/www.monicamontella.it\/wordpress\/2022\/05\/25\/contratto-ama-e-caput-mundi\/\"><strong><span style=\"color: #0000ff;\">Contratto AMA e CAPUT MUNDI<\/span><\/strong><\/a><\/span><\/li>\n<li><span style=\"color: #0000ff;\"><a style=\"color: #0000ff;\" href=\"https:\/\/www.monicamontella.it\/wordpress\/2022\/04\/22\/roma-il-controllo-analogo-diventa-scambio-di-dati-per-i-servizi-smart\/\"><strong><span style=\"color: #0000ff;\">Roma il controllo analogo diventa scambio di dati per i servizi smart<\/span><\/strong><\/a><\/span><\/li>\n<li><strong><span style=\"color: #0000ff;\">I<a style=\"color: #0000ff;\" href=\"https:\/\/www.monicamontella.it\/wordpress\/2022\/03\/24\/il-prezzo-dellenergia-collegato-alle-emissioni-di-co2\/\">l prezzo dell&#8217;energia collegato alle emissioni di CO2<\/a><\/span><\/strong><\/li>\n<li><a href=\"https:\/\/www.monicamontella.it\/wordpress\/2022\/03\/03\/un-database-casalingo-per-il-monitoraggio-del-pnrr\/\"><strong><span style=\"color: #0000ff;\">Un database &#8220;casalingo&#8221; per il monitoraggio del PNRR<\/span> <\/strong><\/a><\/li>\n<li><span style=\"color: #0000ff;\"><strong><a style=\"color: #0000ff;\" href=\"https:\/\/www.monicamontella.it\/wordpress\/2021\/12\/15\/giustizia-e-pnrr\/\">GIUSTIZIA e PNRR<\/a><\/strong><\/span><\/li>\n<li><strong><span style=\"color: #0000ff;\"><a style=\"color: #0000ff;\" href=\"https:\/\/www.monicamontella.it\/wordpress\/2021\/11\/29\/garanzie-a-debito-per-il-fondo-verde-per-il-clima\/\">Garanzie a debito per il Fondo verde per il clima<\/a><\/span><\/strong><\/li>\n<li><span style=\"color: #0000ff;\"><strong><a style=\"color: #0000ff;\" href=\"https:\/\/www.monicamontella.it\/wordpress\/2021\/09\/14\/la-tassa-piu-odiata-dai-romani-onesti-la-ta-ri\/\">La Tassa pi\u00f9 odiata dai romani onesti: la Ta-Ri.<\/a><\/strong><\/span><\/li>\n<li><span style=\"color: #0000ff;\"><strong><a style=\"color: #0000ff;\" href=\"https:\/\/www.monicamontella.it\/wordpress\/2021\/06\/11\/roma-programma-del-m5s-la-gestione-dei-rifiuti\/\">ROMA PROGRAMMA DEL M5S GESTIONE DEI RIFIUTI<\/a><\/strong><\/span><\/li>\n<li><strong><span style=\"color: #0000ff;\"><a style=\"color: #0000ff;\" href=\"https:\/\/www.monicamontella.it\/wordpress\/2021\/04\/20\/la-corte-dei-conti-bacchetta-il-comune-di-roma\/\">La Corte dei Conti bacchetta il Comune di Roma<\/a><\/span><\/strong><\/li>\n<li><strong><span style=\"color: #0000ff;\"><a style=\"color: #0000ff;\" href=\"https:\/\/www.monicamontella.it\/wordpress\/2021\/04\/12\/sindaca-sono-stati-troppi-5-anni-per-aprire-gli-occhi\/\">Sindaca sono stati troppi 5 anni per aprire gli occhi<\/a><\/span><\/strong><\/li>\n<li><span style=\"color: #0000ff;\"><strong><a style=\"color: #0000ff;\" href=\"https:\/\/www.monicamontella.it\/wordpress\/2021\/03\/16\/qualita-dellaria-a-roma-si-fanno-solo-determine-dirigenziali\/\">Qualit\u00e0 dell&#8217;aria a Roma si fanno solo determine dirigenziali<\/a><\/strong><\/span><\/li>\n<li><strong><span style=\"color: #0000ff;\"><a style=\"color: #0000ff;\" href=\"https:\/\/www.monicamontella.it\/wordpress\/2021\/03\/05\/draghi-adesso-tocca-te-scongiurare-il-default-della-capitale\/\">Draghi adesso tocca a te! Scongiurare il default della capitale<\/a><\/span><\/strong><\/li>\n<li><strong><span style=\"color: #0000ff;\"><a style=\"color: #0000ff;\" href=\"https:\/\/www.monicamontella.it\/wordpress\/2021\/02\/24\/draghi-batti-un-colpo\/\">Draghi batti un colpo!<\/a><\/span><\/strong><\/li>\n<li><span style=\"color: #0000ff;\"><strong><a style=\"color: #0000ff;\" href=\"https:\/\/www.monicamontella.it\/wordpress\/2021\/02\/14\/trasparenza-roma-pubblicazione-determine-dirigenziali\/\">TRASPARENZA ROMA: pubblicazione determine dirigenziali (politico)<\/a><\/strong><\/span><\/li>\n<li><strong><span style=\"color: #0000ff;\"><a style=\"color: #0000ff;\" href=\"https:\/\/www.monicamontella.it\/wordpress\/2021\/02\/12\/trasparenza-roma-redazione-verbale-delle-sedute-di-commissioni\/\">TRASPARENZA ROMA: redazione verbale delle sedute di commissioni (politico) <\/a><\/span><\/strong><\/li>\n<li><strong><span style=\"color: #0000ff;\"><a style=\"color: #0000ff;\" href=\"https:\/\/www.monicamontella.it\/wordpress\/2020\/12\/22\/trasparenza-roma-accesso-al-protocollo-dei-consiglieri\/\">TRASPARENZA ROMA: accesso al protocollo da parte dei consiglieri (politico)<\/a><\/span><\/strong><\/li>\n<li><span style=\"color: #0000ff;\"><strong><a style=\"color: #0000ff;\" href=\"https:\/\/www.monicamontella.it\/wordpress\/2020\/12\/11\/pulizia-strade-cercasi-i-turni-di-spazzamento-sul-sito-di-ama\/\">Pulizia AMA &#8220;cercasi&#8221; i turni di spazzamento sul sito di AMA (politico)<\/a><\/strong><\/span><\/li>\n<li><span style=\"color: #0000ff;\"><strong><a style=\"color: #0000ff;\" href=\"https:\/\/www.monicamontella.it\/wordpress\/2020\/12\/02\/centri-di-raccolta-ama-carta-vince-carta-perde-in-municipio-viii\/\">Centri di raccolta AMA. Carta vince carta perde in Municipio VIII (politico)<\/a><\/strong><\/span><\/li>\n<li><span style=\"color: #0000ff;\"><strong><a style=\"color: #0000ff;\" href=\"https:\/\/www.monicamontella.it\/wordpress\/2020\/11\/13\/salviamo-il-pianeta-terra\/\">Salviamo il pianeta terra e non solo<\/a><\/strong><\/span><\/li>\n<li><span style=\"color: #0000ff;\"><strong><a style=\"color: #0000ff;\" href=\"https:\/\/www.monicamontella.it\/wordpress\/2020\/11\/08\/farmacap-scongiurare-la-liquidazione\/\">Farmacap scongiurare la liquidazione (politico)<\/a><\/strong><\/span><\/li>\n<li><a href=\"https:\/\/www.monicamontella.it\/wordpress\/2020\/10\/20\/idee-in-movimento-una-proposta-trasparente\/\"><strong><span style=\"color: #0000ff;\">Idee in movimento: una proposta trasparente (politico)<\/span><\/strong><\/a><\/li>\n<li><strong><span style=\"color: #0000ff;\"><a style=\"color: #0000ff;\" href=\"https:\/\/www.monicamontella.it\/wordpress\/2020\/07\/18\/un-flash-slle-principali-entrate-di-roma-capitale\/\">Un flash sulle principali entrate di Roma Capitale<\/a><\/span><\/strong><\/li>\n<li><strong><span style=\"color: #0000ff;\"><a style=\"color: #0000ff;\" href=\"https:\/\/www.monicamontella.it\/wordpress\/2020\/06\/17\/roma-in-default-dal-1-gennaio-2022-ma-la-raggi-non-lo-sa\/\">Roma in default dal 1 gennaio 2022 ma la Raggi non lo sa\u00a0 (politico)<\/a><\/span><\/strong><\/li>\n<li><strong><span style=\"color: #0000ff;\"><a style=\"color: #0000ff;\" href=\"https:\/\/www.monicamontella.it\/wordpress\/2020\/05\/24\/memoria-difensiva-consigliera-capitolina-monica-montella\/\">Memoria Difensiva consigliera capitolina Monica Montella (politico)<\/a><\/span><\/strong><\/li>\n<li><strong><span style=\"color: #0000ff;\"><a style=\"color: #0000ff;\" href=\"https:\/\/www.monicamontella.it\/wordpress\/2020\/05\/19\/primi-dati-sul-contributo-di-solidarieta-alimentare\/\">Primi dati sul contributo di solidariet\u00e0 alimentare (politico)<\/a><\/span><\/strong><\/li>\n<li><strong><span style=\"color: #0000ff;\"><a style=\"color: #0000ff;\" href=\"https:\/\/www.monicamontella.it\/wordpress\/2020\/04\/30\/una-fotografia-delle-entrate-pubbliche\/\">Una fotografia delle entrate pubbliche<\/a><\/span><\/strong><\/li>\n<li><a href=\"https:\/\/www.monicamontella.it\/wordpress\/2020\/03\/31\/solidarieta-alimentare-soltanto-15-milioni-per-roma-capitale\/\"><strong><span style=\"color: #0000ff;\">Solidariet\u00e0 alimentare: soltanto 15 milioni per Roma Capitale (politico)<\/span><\/strong><\/a><\/li>\n<li><strong><span style=\"color: #0000ff;\"><a style=\"color: #0000ff;\" href=\"https:\/\/www.monicamontella.it\/wordpress\/2020\/03\/17\/una-visione-dello-stato-patrimoniale-e-del-conto-economico-del-meccanismo-europeo-di-stabilita\/?fbclid=IwAR01jneTDNXq4vYBwN_Y9vXDGHYjMOgegZFbADdL51ZlKGO_L2Foqc-ZDqQ\">Una visione contabile del meccanismo europeo di stabilit\u00e0<\/a><\/span><\/strong><\/li>\n<li><strong><a href=\"https:\/\/www.monicamontella.it\/wordpress\/2020\/01\/04\/cercasi-disperatamente-una-legge-speciale-per-roma-capitale\/\"><span style=\"color: #0000ff;\">Cercasi disperatamente una legge speciale per Roma Capitale (politico)<\/span><\/a><\/strong><\/li>\n<li><strong><span style=\"color: #0000ff;\"><a style=\"color: #0000ff;\" href=\"https:\/\/www.monicamontella.it\/wordpress\/2019\/11\/28\/risorse-finanziarie-impegnate-dai-municipi-nel-2018\/\">Risorse finanziarie impegnate dai municipi nel 2018 (politico)<\/a><\/span><\/strong><\/li>\n<li><span style=\"color: #0000ff;\"><strong><a style=\"color: #0000ff;\" href=\"https:\/\/www.monicamontella.it\/wordpress\/2019\/09\/27\/consumo-di-suolo-a-roma\/\">Consumo di suolo a Roma<\/a><\/strong><\/span><\/li>\n<li><span style=\"color: #0000ff;\"><strong><a style=\"color: #0000ff;\" href=\"https:\/\/www.monicamontella.it\/wordpress\/2019\/09\/12\/una-fotografia-della-capacita-di-riscossione-di-roma-capitale\/\">Una fotografia della capacit\u00e0 di riscossione di Roma Capitale<\/a><\/strong><\/span><\/li>\n<li><a href=\"https:\/\/www.monicamontella.it\/wordpress\/wp-content\/uploads\/2019\/09\/monicamontella.it-Il-buco-nero-dei-romani-e-il-Salva-Roma.pdf\"><strong><span style=\"color: #0000ff;\">Il buco nero dei romani e il Salva Roma<\/span><\/strong><\/a><\/li>\n<li><a href=\"https:\/\/www.monicamontella.it\/wordpress\/wp-content\/uploads\/2019\/02\/Analisi-del-piano-Finanziario-del-Servizio-di-gestione-dei-rifiuti-urbani-di-Roma-Capitale.pdf\"><span style=\"color: #0000ff;\"><strong><span style=\"color: #0000ff;\">Analisi del servizio di gestione dei rifiuti urbani di Roma Capitale<\/span><\/strong><\/span><\/a><\/li>\n<li><a href=\"https:\/\/www.monicamontella.it\/wordpress\/wp-content\/uploads\/2019\/01\/impianti-fotovoltaici-Roma.pdf\"><strong><span style=\"color: #0000ff;\">Energia solare da impianti fotovoltaici<\/span><\/strong><\/a><\/li>\n<li><span style=\"color: #0000ff;\"><strong><a style=\"color: #0000ff;\" href=\"https:\/\/www.monicamontella.it\/wordpress\/wp-content\/uploads\/2019\/01\/Corte-dei-Conti-RELAZIONE-SERVIZI-CIMITERIALI-ROMA-CAPITALE.pdf\">Servizi cimiteriali di Roma Capitale<\/a><\/strong><\/span><\/li>\n<li><a href=\"https:\/\/wp.me\/p9HI7p-2kT\"><span style=\"color: #0000ff;\"><strong><span style=\"color: #0000ff;\">Analisi e criticit\u00e0 riscontrate nel Rendiconto 2017 di Roma Capital<\/span>e<\/strong><\/span><\/a><\/li>\n<li><strong><span style=\"color: #0000ff;\"><a href=\"http:\/\/www.monicamontella.it\/wordpress\/2018\/05\/20\/il-patrimonio-di-roma-capitale-quando-rende\/\"><span style=\"color: #0000ff;\">Il Patrimonio di Roma Capitale quando rende<\/span><\/a>?<\/span><\/strong><\/li>\n<li><a href=\"http:\/\/www.monicamontella.it\/wordpress\/2018\/04\/04\/indicatori-e-risorse-finanziarie-dei-municipi-di-roma-capitale\/\"><strong><span style=\"color: #0000ff;\">Indicatori e risorse finanziarie dei Municipi di Roma Capitale<\/span><\/strong><\/a><\/li>\n<li><a href=\"http:\/\/www.monicamontella.it\/wordpress\/2018\/02\/20\/i-trasporti-e-il-diritto-alla-mobilita-nel-lazio\/\"><strong><span style=\"color: #0000ff;\">I trasporti e il diritto alla mobilit\u00e0 nel Lazio<\/span><\/strong><\/a><\/li>\n<li><span style=\"color: #0000ff;\"><strong><a href=\"http:\/\/www.monicamontella.it\/wordpress\/2018\/01\/27\/il-debito-della-regione-lazio-e-i-suoi-interessi\/\"><span style=\"color: #0000ff;\">Il debito della Regione Lazio<\/span> <span style=\"color: #0000ff;\">e i<\/span> <span style=\"color: #0000ff;\">suoi interessi<\/span><\/a><\/strong><\/span><\/li>\n<li><span style=\"color: #0000ff;\"><strong><a href=\"http:\/\/www.monicamontella.it\/wordpress\/2018\/01\/10\/le-risorse-sanitarie-2017-fsr-del-lazio-e-abbattimento-liste-di-attesa\/\"><span style=\"color: #0000ff;\">Le risorse sanitarie 2017: FSR del Lazio<\/span> <span style=\"color: #0000ff;\">e<\/span> <span style=\"color: #0000ff;\">abbattimento liste<\/span> <span style=\"color: #0000ff;\">di<\/span> <span style=\"color: #0000ff;\">attesa<\/span><\/a><\/strong><\/span><\/li>\n<li><span style=\"color: #0000ff;\"><strong><a href=\"http:\/\/www.monicamontella.it\/wordpress\/2018\/01\/03\/superare-il-cosiddetto-digital-divide-degli-over-60-con-i-makers\/\"><span style=\"color: #0000ff;\">Superare<\/span> <span style=\"color: #0000ff;\">il<\/span> <span style=\"color: #0000ff;\">cosiddetto \u201cdigital divide\u201d degli over 60 con<\/span> i <span style=\"color: #0000ff;\">Makers<\/span><\/a><\/strong><\/span><\/li>\n<li><span style=\"color: #0000ff;\"><strong><a href=\"http:\/\/www.monicamontella.it\/wordpress\/2017\/12\/12\/il-debito-pubblico-ereditato-e-una-regola-impopolare\/\"><span style=\"color: #0000ff;\">Il debito pubblico ereditato e<\/span> <span style=\"color: #0000ff;\">una regola impopolare da rispettare<\/span><\/a><\/strong><\/span><\/li>\n<li><a href=\"https:\/\/www.monicamontella.it\/wordpress\/2017\/10\/21\/opere-a-scomputo-cercasi-risorse-finanziarie-per-roma-capitale\/\"><span style=\"color: #0000ff;\"><strong><span style=\"color: #0000ff;\">Opere<\/span> a <span style=\"color: #0000ff;\">scomputo: CERCASI risorse finanziarie per Roma Capitale<\/span><\/strong><\/span><\/a><\/li>\n<li><strong><a href=\"http:\/\/www.monicamontella.it\/wordpress\/2017\/09\/14\/fondi-ordinari-per-il-reddito-di-cittadinanza\/\"><span style=\"color: #0000ff;\">Fondi ordinari per il reddito di cittadinanza<\/span><\/a><\/strong><\/li>\n<li><span style=\"color: #0000ff;\"><strong><a style=\"color: #0000ff;\" href=\"http:\/\/www.monicamontella.it\/wordpress\/2017\/05\/20\/la-situazione-economica-finanziaria-del-dipartimento-mobilita-e-trasporti\/\" aria-label=\"\u201cLa situazione economica finanziaria del Dipartimento Mobilit\u00e0 e Trasporti\u201d (Modifica)\">La situazione economica finanziaria del Dipartimento Mobilit\u00e0 e Trasporti<\/a><\/strong><\/span><\/li>\n<li><span style=\"color: #0000ff;\"><strong><a style=\"color: #0000ff;\" href=\"http:\/\/www.monicamontella.it\/wordpress\/2017\/05\/10\/acea-ato2-s-p-a\/\" aria-label=\"\u201cACEA ATO2 S.p.A.\u201d (Modifica)\">ACEA ATO2 S.p.A.<\/a><\/strong><\/span><\/li>\n<li><span style=\"color: #0000ff;\"><strong><a style=\"color: #0000ff;\" href=\"http:\/\/www.monicamontella.it\/wordpress\/2017\/04\/15\/piano-led-un-danno-economico-per-roma\/\" aria-label=\"\u201cPIANO LED un danno economico per ROMA\u201d (Modifica)\">PIANO LED un danno economico per ROMA<\/a><\/strong><\/span><\/li>\n<li><span style=\"color: #0000ff;\"><strong><a style=\"color: #0000ff;\" href=\"http:\/\/www.monicamontella.it\/wordpress\/2017\/04\/08\/contratto-e-bilancio-di-acea-s-p-a\/\" aria-label=\"\u201cContratto e Bilancio 2015 di ACEA S.p.A.\u201d (Modifica)\">Contratto e Bilancio 2015 di ACEA S.p.A.<\/a><\/strong><\/span><\/li>\n<li><span style=\"color: #0000ff;\"><strong><a style=\"color: #0000ff;\" href=\"http:\/\/www.monicamontella.it\/wordpress\/2017\/03\/04\/aequa-roma-s-p-a-gestisce-le-entrate-tributarie-capitoline\/\" aria-label=\"\u201cAequa Roma S.p.A. gestisce le entrate tributarie capitoline\u201d (Modifica)\">Aequa Roma S.p.A. gestisce le entrate tributarie capitoline<\/a><\/strong><\/span><\/li>\n<li><span style=\"color: #0000ff;\"><strong><a style=\"color: #0000ff;\" href=\"http:\/\/www.monicamontella.it\/wordpress\/2017\/02\/25\/il-trio-dellimpianto-di-termovalorizzazione-wte-ep-sistemi-ama-lazio-ambiente\/\" aria-label=\"\u201cIl TRIO dell\u2019impianto di termovalorizzazione WTE EP SISTEMI-AMA-LAZIO AMBIENTE\u201d (Modifica)\">Il TRIO dell\u2019impianto di termovalorizzazione WTE EP SISTEMI-AMA-LAZIO AMBIENTE<\/a><\/strong><\/span><\/li>\n<li><span style=\"color: #0000ff;\"><strong><a style=\"color: #0000ff;\" href=\"http:\/\/www.monicamontella.it\/wordpress\/2017\/02\/13\/relazione-sul-bilancio-2015-ama-s-p-a\/\" aria-label=\"\u201cRELAZIONE SUL BILANCIO 2015 AMA S.p.A.\u201d (Modifica)\">RELAZIONE SUL BILANCIO 2015 AMA S.p.A.<\/a><\/strong><\/span><\/li>\n<li><span style=\"color: #0000ff;\"><strong><a style=\"color: #0000ff;\" href=\"http:\/\/www.monicamontella.it\/wordpress\/2016\/12\/22\/analisi-societa-multiservizi-roma-s-p-a-esame-bilancio-2015\/\">Analisi Societ\u00e0 Multiservizi Roma S.P.A. \u2013 esame bilancio 2015<\/a><\/strong><\/span><\/li>\n<li><span style=\"color: #0000ff;\"><strong><a style=\"color: #0000ff;\" href=\"http:\/\/www.monicamontella.it\/wordpress\/2016\/12\/01\/atac-s-p-a-cosa-ci-hanno-lasciato-debiti\/\">ATAC S.P.A. cosa ci hanno lasciato? DEBITI<\/a><\/strong><\/span><\/li>\n<li><span style=\"color: #0000ff;\"><strong><a style=\"color: #0000ff;\" href=\"http:\/\/www.monicamontella.it\/wordpress\/2016\/11\/23\/le-anomalie-dei-bilanci-delle-fondazioni-finanziate-da-roma-capitale\/\">Le anomalie dei bilanci delle fondazioni finanziate da Roma Capitale<\/a><\/strong><\/span><\/li>\n<li><span style=\"color: #0000ff;\"><strong><a style=\"color: #0000ff;\" href=\"http:\/\/www.monicamontella.it\/wordpress\/2016\/11\/15\/analisi-e-monitoraggio-dei-dati-per-impegno-di-spesa-del-dipartimento-lavori-pubblici-roma\/\">Analisi e monitoraggio dei dati per impegno di spesa del Dipartimento Lavori Pubblici ROMA<\/a><\/strong><\/span><\/li>\n<li><span style=\"color: #0000ff;\"><strong><a style=\"color: #0000ff;\" href=\"http:\/\/www.monicamontella.it\/wordpress\/2016\/10\/26\/le-tariffe-romane-dei-servizi-pubblici-a-domanda-individuale\/\">Le tariffe romane dei servizi pubblici a domanda individuale<\/a><\/strong><\/span><\/li>\n<li><span style=\"color: #0000ff;\"><strong><a style=\"color: #0000ff;\" href=\"http:\/\/www.monicamontella.it\/wordpress\/2016\/10\/20\/le-partecipate-di-roma-e-i-suoi-contratti\/\">Le partecipate e i suoi contratti<\/a><\/strong><\/span><\/li>\n<li><strong><span style=\"color: #0000ff;\"><a style=\"color: #0000ff;\" href=\"http:\/\/www.monicamontella.it\/wordpress\/2016\/10\/09\/monitoraggio-spesa-di-bilancio-connessa-agli-appalti\/\">Monitoraggio spesa di bilancio connessa agli appalti <\/a><\/span><\/strong><\/li>\n<li><strong><span style=\"color: #0000ff;\"><a style=\"color: #0000ff;\" href=\"http:\/\/www.monicamontella.it\/wordpress\/2016\/06\/10\/piu-di-10-anni-di-storia-del-regolamento-del-consiglio-comunale-di-roma-capitale\/\"><span style=\"color: #0000ff;\">PIU\u2019 DI 10 ANNI DI STORIA DEL REGOLAMENTO del CONSIGLIO COMUNALE DI ROMA CAPITALE<\/span> <\/a><\/span><\/strong><\/li>\n<li><span style=\"color: #0000ff;\"><strong><a style=\"color: #0000ff;\" href=\"http:\/\/www.monicamontella.it\/wordpress\/2016\/05\/28\/verde-pubblico-nei-municipi-romani\/\" target=\"_blank\" rel=\"noopener noreferrer\">Verde pubblico nei municipi romani<\/a><\/strong><\/span><\/li>\n<li><strong><span style=\"color: #0000ff;\"><a style=\"color: #0000ff;\" href=\"http:\/\/www.monicamontella.it\/wordpress\/2016\/05\/27\/mobilita-etrasporti-pubblici-nei-municipi-romani\/\" target=\"_blank\" rel=\"noopener noreferrer\">Mobilit\u00e0 e Trasporti pubblici nei municipi romani<\/a><\/span><\/strong><\/li>\n<li><span style=\"color: #0000ff;\"><strong><a style=\"color: #0000ff;\" href=\"http:\/\/www.monicamontella.it\/wordpress\/2016\/05\/18\/la-struttura-delleconomia-romana\/\" target=\"_blank\" rel=\"noopener noreferrer\">La struttura dell&#8217;economia romana<\/a><\/strong><\/span><\/li>\n<li><span style=\"color: #0000ff;\"><strong><a style=\"color: #0000ff;\" href=\"http:\/\/www.monicamontella.it\/wordpress\/2016\/05\/11\/cercasi-trasparenza-sul-debito-di-roma-capitale\/\" target=\"_blank\" rel=\"noopener noreferrer\">Cercasi trasparenza sul DEBITO di Roma Capitale<\/a><\/strong><\/span><\/li>\n<li><span style=\"color: #0000ff;\"><strong><a style=\"color: #0000ff;\" href=\"http:\/\/www.monicamontella.it\/wordpress\/2016\/05\/08\/open-data-istat-il-patrimonio-edilizio-romano\/\" target=\"_blank\" rel=\"noopener noreferrer\">OPEN DATA ISTAT: IL PATRIMONIO EDILIZIO ROMANO<\/a><\/strong><\/span><\/li>\n<li><span style=\"color: #0000ff;\"><strong><a style=\"color: #0000ff;\" href=\"http:\/\/www.monicamontella.it\/wordpress\/2016\/04\/30\/gli-esercizi-commerciali-presenti-a-roma-nel-2016\/\" target=\"_blank\" rel=\"noopener noreferrer\">Gli esercizi commerciali presenti a Roma nel 2016<\/a><\/strong><\/span><\/li>\n<li><span style=\"color: #0000ff;\"><strong><a style=\"color: #0000ff;\" href=\"http:\/\/www.monicamontella.it\/wordpress\/2016\/04\/22\/le-strutture-ricettive-romane-nel-2016\/\" target=\"_blank\" rel=\"noopener noreferrer\">Le strutture ricettive romane nel 2016<\/a><\/strong><\/span><\/li>\n<li><span style=\"color: #0000ff;\"><strong><a style=\"color: #0000ff;\" href=\"http:\/\/www.monicamontella.it\/wordpress\/2016\/03\/24\/lotta-agli-sprechi-di-roma-capitale\/\" target=\"_blank\" rel=\"noopener noreferrer\">Lotta agli sprechi di Roma Capitale<\/a><\/strong><\/span><\/li>\n<li><span style=\"color: #0000ff;\"><strong><a style=\"color: #0000ff;\" href=\"http:\/\/www.monicamontella.it\/wordpress\/2016\/03\/17\/sistema-scolastico-municipale-con-open-data-roma\/\" target=\"_blank\" rel=\"noopener noreferrer\">Sistema scolastico municipale con OPEN DATA ROMA<\/a><\/strong><\/span><\/li>\n<li><span style=\"color: #0000ff;\"><strong><a style=\"color: #0000ff;\" href=\"http:\/\/www.monicamontella.it\/wordpress\/2016\/03\/11\/tutti-i-numeri-del-sistema-scolastico-di-roma-e-provincia\/\" target=\"_blank\" rel=\"noopener noreferrer\">Tutti i numeri del sistema scolastico di Roma e Provincia<\/a><\/strong><\/span><\/li>\n<li><strong><span style=\"color: #0000ff;\"><a style=\"color: #0000ff;\" href=\"http:\/\/www.monicamontella.it\/wordpress\/2016\/02\/09\/il-comportamento-degli-attori-economici\/\" target=\"_blank\" rel=\"noopener noreferrer\">Il comportamento degli attori economici <\/a><\/span><\/strong><\/li>\n<li><span style=\"color: #0000ff;\"><strong><a style=\"color: #0000ff;\" href=\"http:\/\/www.monicamontella.it\/wordpress\/2015\/12\/28\/gestione-sanitaria-accentrata-lazio-perche-non-esisti\/\" target=\"_blank\" rel=\"noopener noreferrer\">Gestione sanitaria accentrata perch\u00e8 non esisti?<\/a><\/strong><\/span><\/li>\n<li><span style=\"color: #0000ff;\"><strong><a style=\"color: #0000ff;\" href=\"http:\/\/www.monicamontella.it\/wordpress\/?p=5183\" target=\"_blank\" rel=\"noopener noreferrer\">Perch\u00e8 \u00e8 importante il Piano Integrato dei Conti<\/a><\/strong><\/span><\/li>\n<li><span style=\"color: #0000ff;\"><strong><a style=\"color: #0000ff;\" href=\"http:\/\/www.monicamontella.it\/wordpress\/?p=4683\" target=\"_blank\" rel=\"noopener noreferrer\">Come cambia dal 2013 il finanziamento del settore sanitario pubblico<\/a><\/strong><\/span><\/li>\n<li><span style=\"color: #0000ff;\"><strong><a style=\"color: #0000ff;\" href=\"http:\/\/www.monicamontella.it\/wordpress\/2014\/10\/03\/la-ripartizione-del-fondo-sanitario-della-regione-lazio-nel-2012\/\" target=\"_blank\" rel=\"noopener noreferrer\">La ripartizione del fondo sanitario della Regione Lazio nel 2012<\/a><\/strong><\/span><\/li>\n<li><span style=\"color: #0000ff;\"><strong><a style=\"color: #0000ff;\" href=\"http:\/\/www.monicamontella.it\/wordpress\/?p=4474\" target=\"_blank\" rel=\"noopener noreferrer\">Spending review ma non per tutti i dipendenti pubblici<\/a><\/strong><\/span><\/li>\n<li><span style=\"color: #0000ff;\"><strong><a style=\"color: #0000ff;\" href=\"http:\/\/www.monicamontella.it\/wordpress\/?p=4430\" target=\"_blank\" rel=\"noopener noreferrer\">Perch\u00e9 lanciare ufficialmente \u00a0il Progetto nazionale &#8220;ADOTTA UNA ASL&#8221;. Ecco i primi esiti<\/a><\/strong><\/span><\/li>\n<li><strong><a href=\"http:\/\/www.monicamontella.it\/wordpress\/?p=4355\" target=\"_blank\" rel=\"noopener noreferrer\"><span style=\"color: #0000ff;\">Progetto Nazionale &#8220;Adotta una ASL&#8221;<\/span><\/a><\/strong><\/li>\n<li><span style=\"color: #0000ff;\"><strong><a href=\"http:\/\/www.monicamontella.it\/wordpress\/2014\/05\/16\/smart-city-manca-la-volonta-o-la-capacita-politica-per-realizzarla\/\" target=\"_blank\" rel=\"noopener noreferrer\"><span style=\"color: #0000ff;\">Smart city: manca la volont\u00e0 o la capacit\u00e0 politica per realizzarla?<\/span><\/a><\/strong><\/span><\/li>\n<li><span style=\"color: #0000ff;\"><strong><a href=\"http:\/\/www.monicamontella.it\/wordpress\/2014\/03\/30\/abolizione-del-fiscal-compact\/\" target=\"_blank\" rel=\"noopener noreferrer\"><span style=\"color: #0000ff;\">Abolizione del Fiscal Compact<\/span><\/a><\/strong><\/span><\/li>\n<li><strong><span style=\"color: #0000ff;\"><a href=\"http:\/\/www.monicamontella.it\/wordpress\/2014\/03\/24\/euro-si-euro-no-ai-cittadini-lardua-sentenza\/\" target=\"_blank\" rel=\"noopener noreferrer\"><span style=\"color: #0000ff;\">Euro si &#8211; Euro no. Ai cittadini l&#8217;ardua sentenza<\/span><\/a><\/span><\/strong><\/li>\n<li><strong><span style=\"color: #0000ff;\"><a href=\"http:\/\/www.monicamontella.it\/wordpress\/2014\/03\/20\/progetto-adotta-una-asl\/\" target=\"_blank\" rel=\"noopener noreferrer\"><span style=\"color: #0000ff;\">Progetto &#8220;Adotta una ASL&#8221;<\/span><\/a><\/span><\/strong><\/li>\n<li><span style=\"color: #0000ff;\"><strong><a href=\"http:\/\/www.monicamontella.it\/wordpress\/2014\/03\/03\/eurobond-la-grande-occasione-per-uneuropa-solidale\/\" target=\"_blank\" rel=\"noopener noreferrer\"><span style=\"color: #0000ff;\">Eurobond: la grande occasione per un&#8217;Europa solidale?<\/span><\/a><br \/><\/strong><\/span><\/li>\n<li><span style=\"color: #0000ff;\"><strong><a href=\"http:\/\/www.monicamontella.it\/wordpress\/?p=2922\" target=\"_blank\" rel=\"noopener noreferrer\"><span style=\"color: #0000ff;\">L&#8217;Italia \u00e8 pronta ai pazienti transfrontalieri?<\/span><\/a><\/strong><\/span><\/li>\n<li><strong><span style=\"color: #0000ff;\"><a href=\"http:\/\/www.monicamontella.it\/wordpress\/?p=3216\" target=\"_blank\" rel=\"noopener noreferrer\"><span style=\"color: #0000ff;\">Le bugie hanno le gambe corte!<\/span><\/a><\/span><\/strong><\/li>\n<li><strong><a href=\"http:\/\/www.monicamontella.it\/wordpress\/?p=2978\" target=\"_blank\" rel=\"noopener noreferrer\"><span style=\"color: #0000ff;\">Fondi Europei: una grande occasione per l&#8217;Italia<\/span><\/a><\/strong><\/li>\n<li><span style=\"color: #0000ff;\"><strong><a href=\"http:\/\/www.monicamontella.it\/wordpress\/?p=2947\" target=\"_blank\" rel=\"noopener noreferrer\"><span style=\"color: #0000ff;\">Per un&#8217;Europa diversa bisogna dare un voto diverso<\/span><\/a><\/strong><\/span><\/li>\n<li><span style=\"color: #0000ff;\"><strong><a href=\"http:\/\/www.monicamontella.it\/wordpress\/?p=2786\" target=\"_blank\" rel=\"noopener noreferrer\"><span style=\"color: #0000ff;\">Per un Europa solidale bisogna andare \u201cOLTRE\u201d<\/span><\/a><\/strong><\/span><\/li>\n<li><a href=\"http:\/\/www.monicamontella.it\/wordpress\/2013\/12\/07\/forse-un-barlume-di-speranza-per-la-sanita-della-regione-lazio\/\"><strong><span style=\"color: #0000ff;\"><span style=\"color: #0000ff;\">Forse un barlume di speranza per la Sanit\u00e0 della Regione Lazio<\/span><\/span><\/strong><\/a><\/li>\n<li><span style=\"color: #0000ff;\"><strong><a href=\"http:\/\/www.monicamontella.it\/wordpress\/?p=2524\" target=\"_blank\" rel=\"noopener noreferrer\"><span style=\"color: #0000ff;\">Agenda digitale per l\u2019Europa &#8211; Le tecnologie digitali come motore della crescita europea<\/span><\/a><\/strong><\/span><\/li>\n<li><strong><span style=\"color: #0000ff;\"><a href=\"http:\/\/www.monicamontella.it\/wordpress\/?p=2108\" target=\"_blank\" rel=\"noopener noreferrer\"><span style=\"color: #0000ff;\">La rete informativa UE: caos di siti internet<\/span><\/a><\/span><\/strong><\/li>\n<li><strong><span style=\"color: #0000ff;\"><a href=\"http:\/\/www.monicamontella.it\/wordpress\/?p=2444\" target=\"_blank\" rel=\"noopener noreferrer\"><span style=\"color: #0000ff;\">Manipolazione su &#8220;no euro&#8221; ai danni del M5S ma i problemi dell&#8217;Italia sono altri<\/span><\/a><\/span><\/strong><\/li>\n<li><strong><span style=\"color: #0000ff;\"><a href=\"http:\/\/www.monicamontella.it\/wordpress\/?p=2281\" target=\"_blank\" rel=\"noopener noreferrer\"><span style=\"color: #0000ff;\">Europe Direct Italia: caos di reti internet<\/span><\/a><\/span><\/strong><\/li>\n<li><strong><span style=\"color: #0000ff;\">\u00a0<a href=\"http:\/\/www.monicamontella.it\/wordpress\/?p=2286\" target=\"_blank\" rel=\"noopener noreferrer\"><span style=\"color: #0000ff;\">Rete Enterprise Italia<\/span><\/a><\/span><\/strong><\/li>\n<li><strong><a href=\"http:\/\/www.monicamontella.it\/wordpress\/?p=453\" target=\"_blank\" rel=\"noopener noreferrer\"><span style=\"color: #0000ff;\">Sistemi di assistenza sanitaria: la Telemedicina come bene pubblico<\/span><\/a><\/strong><\/li>\n<li><span style=\"color: #0000ff;\"><strong><a style=\"color: #0000ff;\" href=\"http:\/\/www.monicamontella.it\/wordpress\/?p=503\" target=\"_blank\" rel=\"noopener noreferrer\">Key\u00a0questions sulla Comunicazione della Commissione Europea per i <\/a><a style=\"color: #0000ff;\" href=\"http:\/\/www.monicamontella.it\/wordpress\/?p=503\" target=\"_blank\" rel=\"noopener noreferrer\">\u201c<\/a><a style=\"color: #0000ff;\" href=\"http:\/\/www.monicamontella.it\/wordpress\/?p=503\" target=\"_blank\" rel=\"noopener noreferrer\"><i>principi di correzione di bilancio<\/i>\u201d<\/a><\/strong><\/span><\/li>\n<li><strong><a href=\"http:\/\/www.monicamontella.it\/wordpress\/?p=2001\" target=\"_blank\" rel=\"noopener noreferrer\"><span style=\"color: #0000ff;\">Le risorse per raggiungere obiettivi concreti<\/span><\/a><\/strong><\/li>\n<li><strong><a href=\"http:\/\/www.monicamontella.it\/wordpress\/?p=2035\" target=\"_blank\" rel=\"noopener noreferrer\"><span style=\"color: #0000ff;\">Sanzioni relative alle manipolazioni delle\u00a0statistiche<\/span><\/a><\/strong><\/li>\n<li><strong><a href=\"http:\/\/www.monicamontella.it\/wordpress\/?p=2057\" target=\"_blank\" rel=\"noopener noreferrer\"><span style=\"color: #0000ff;\">COS\u2019E\u2019 IL MES<\/span><\/a><\/strong><\/li>\n<li><strong><a href=\"http:\/\/www.monicamontella.it\/wordpress\/?p=1046\" target=\"_blank\" rel=\"noopener noreferrer\"><span style=\"color: #0000ff;\">Assistente alla Poltrona. Perch\u00e9 non esisti giuridicamente?<\/span><\/a><\/strong><\/li>\n<li><strong><a href=\"http:\/\/www.monicamontella.it\/wordpress\/?p=533\" target=\"_blank\" rel=\"noopener noreferrer\"><span style=\"color: #0000ff;\">Two-pack l\u2019ultima fase del ciclo di sorveglianza. Ma qual\u2019\u00e8 il vantaggio per l\u2019Italia?<\/span><\/a><\/strong><\/li>\n<li><strong><a href=\"http:\/\/www.monicamontella.it\/wordpress\/?p=1769\" target=\"_blank\" rel=\"noopener noreferrer\"><span style=\"color: #0000ff;\">Istituto superiore di sanit\u00e0 e Ispra assolvono il Muos. Ma la popolazione non deve sapere il perch\u00e9<\/span><\/a><\/strong><\/li>\n<li><strong><a href=\"http:\/\/www.monicamontella.it\/wordpress\/?p=451\" target=\"_blank\" rel=\"noopener noreferrer\"><span style=\"color: #0000ff;\">La sanit\u00e0 elettronica: la terza industria del settore sanitario (e-Health)<\/span><\/a><\/strong><\/li>\n<li><strong><a href=\"http:\/\/www.monicamontella.it\/wordpress\/?p=406\" target=\"_blank\" rel=\"noopener noreferrer\"><span style=\"color: #0000ff;\">Fondi Europei 2007-2013<\/span><\/a><\/strong><\/li>\n<li><strong><a href=\"http:\/\/www.monicamontella.it\/wordpress\/?p=1499\" target=\"_blank\" rel=\"noopener noreferrer\"><span style=\"color: #0000ff;\">Fondi Europei 2014-2020<\/span><\/a><\/strong><\/li>\n<li><strong><a href=\"http:\/\/www.monicamontella.it\/wordpress\/?p=373\" target=\"_blank\" rel=\"noopener noreferrer\"><span style=\"color: #0000ff;\">Progetti europei per finanziare le smart cities<\/span><\/a><\/strong><\/li>\n<\/ol>\n<p><strong>Cosa sono gli articoli tematici dinamici?<\/strong><\/p>\n<p><strong>Le ricerche o gli articoli tematici dinamici<\/strong> sono diversi dai soliti articoli scientifici o pubblicati quotidianamente dai media\/giornali. Hanno una particolarit\u00e0 rispetto agli altri: sono aggiornati continuamente in senso cronologico. E&#8217; un mix tra informazione e approfondimento di un argomento\/tematica di attualit\u00e0 che i nostri portavoce\/politici devono affrontare nelle istituzioni in cui sono stati eletti.<\/p>\n<p>La forza di questi articoli \u00e8 che sono costruiti in maniera scientifica, avendo cura, in particolare, di inserire tutti i link di riferimento sitografici, sempre aggiornati, che ne determinano la garanzia di affidabilit\u00e0 e di attualit\u00e0. Infatti, gli articoli tradizionali li possiamo definire statici sia dal punto di vista temporale, perch\u00e9 dopo averli letti nell&#8217;istante in cui sono stati diffusi non sono pi\u00f9 utili ad informare; sia dal punto di vista tecnico\/statistico, perch\u00e9 gli indicatori diffusi a livello istituzionale dalla nostra PA sono in continuo aggiornamento. Ma con internet, questa problematica pu\u00f2 essere superata, grazie all&#8217;ausilio dei blog e dei link ai siti di riferimento o istituzionali\u00a0 inseriti negli articoli tematici.<\/p>\n<p>Questo nuovo strumento informativo, al momento, \u00e8 collocato d&#8217;appoggio nel mio blog; ma la sua diffusione attuale non \u00e8 definitiva, in futuro auspico, magari, che si potrebbe optare per la creazione, nel blog di Beppe Grillo o nel sito del M5S istituzionale, di uno spazio virtuale in cui sono inseriti tutti gli articoli tematici dinamici di riferimento alle tematiche pubblicate on line che il nostro movimento di cittadini propone o\u00a0 ha approfondito, permettendo all&#8217;utente\/utilizzatore finale, che lo legge, di avere un quadro chiaro e scientificamente approfondito\u00a0 e sempre aggiornato su un particolare argomento.<\/p>\n<p>Se poi vogliamo diffondere questo nuovo strumento nel mondo lo possiamo anche coniare\u00a0 come &#8220;<strong>dinamic<\/strong> <strong>smart\u00a0<\/strong> <strong>article o research&#8221;<\/strong>.<\/p>\n<p><strong>Perch\u00e8 ho creato gli articoli tematici dinamici?<\/strong><\/p>\n<p><strong>Avevo una necessit\u00e0<\/strong>: aiutare i nostri parlamentari\/consiglieri del M5S, anche non stando fisicamente presente nelle istituzioni in cui i candidati sono stati eletti (ma questo strumento pu\u00f2 essere utile anche per tutti i cittadini, che appartenendo ai vari meetup, vogliono approfondire meglio alcuni argomenti di attualit\u00e0).<\/p>\n<p><em><strong>INTERNET per questo scopo \u00e8 un potente strumento\u00a0<em><strong>di lavoro<\/strong><\/em> produttivo ed efficace\u00a0 che permette l&#8217;aggiornamento continuo e istantaneo degli argomenti.<br \/><\/strong><\/em><\/p>\n<p>In qualit\u00e0 di ricercatore ho sentito la necessit\u00e0 di creare uno strumento efficace per lo scopo che mi ero prefissata: allora perch\u00e8 non creare <strong>articoli\u00a0<\/strong><strong>tematici <\/strong><strong>dinamici<\/strong> come strumento di informazione sicuro, efficace e soprattutto affidabile soprattutto per chi deve prendere delle decisioni molto importanti? Sono sicura dell&#8217;efficacia di questo strumento perch\u00e8 ottimizza e rende produttiva la governance pubblica.<\/p>\n<p>Se pensiamo al tempo che si perde nelle ricerche per ricostruire ad esempio tutta la letteratura legislativa specifica, con l&#8217;uso delle ricerche o articoli dinamici si evita tutto questo. Ad esempio se consideriamo gli e.book come un nuovo output di ricerca on line, perch\u00e8 non optare anche per la creazione di articoli dinamici?<\/p>\n<p><em> Essere informati adeguatamente fa responsabilizzare tutti i politici.<\/em><\/p>\n\n\n<figure class=\"wp-block-gallery has-nested-images columns-default is-cropped wp-block-gallery-1 is-layout-flex wp-block-gallery-is-layout-flex\"><\/figure>\n","protected":false},"excerpt":{"rendered":"<p>Elenco degli &#8220;articoli politici tematici dinamici&#8221; presenti nel sito: Il sistema dei rifiuti di Roma \u00e8 fuori controllo: il 68% finisce nella \u201czona grigia\u201d Gestione dei rifiuti nel Lazio: tra obiettivi e realt\u00e0 della transizione circolare Napoli e PNRR: 3,2 miliardi di euro per cambiare volto alla citt\u00e0 PNRR Santa Marinella: cambier\u00e0 il volto della [&hellip;]<\/p>\n","protected":false},"author":2,"featured_media":0,"parent":0,"menu_order":0,"comment_status":"open","ping_status":"open","template":"","meta":{"footnotes":""},"class_list":["post-578","page","type-page","status-publish","hentry"],"_links":{"self":[{"href":"https:\/\/www.monicamontella.it\/wordpress\/wp-json\/wp\/v2\/pages\/578","targetHints":{"allow":["GET"]}}],"collection":[{"href":"https:\/\/www.monicamontella.it\/wordpress\/wp-json\/wp\/v2\/pages"}],"about":[{"href":"https:\/\/www.monicamontella.it\/wordpress\/wp-json\/wp\/v2\/types\/page"}],"author":[{"embeddable":true,"href":"https:\/\/www.monicamontella.it\/wordpress\/wp-json\/wp\/v2\/users\/2"}],"replies":[{"embeddable":true,"href":"https:\/\/www.monicamontella.it\/wordpress\/wp-json\/wp\/v2\/comments?post=578"}],"version-history":[{"count":30,"href":"https:\/\/www.monicamontella.it\/wordpress\/wp-json\/wp\/v2\/pages\/578\/revisions"}],"predecessor-version":[{"id":21218,"href":"https:\/\/www.monicamontella.it\/wordpress\/wp-json\/wp\/v2\/pages\/578\/revisions\/21218"}],"wp:attachment":[{"href":"https:\/\/www.monicamontella.it\/wordpress\/wp-json\/wp\/v2\/media?parent=578"}],"curies":[{"name":"wp","href":"https:\/\/api.w.org\/{rel}","templated":true}]}}